{"id":2750,"date":"2019-07-01T20:18:20","date_gmt":"2019-07-01T18:18:20","guid":{"rendered":"https:\/\/www.ajuntamentbenissano.es\/?page_id=2750"},"modified":"2019-07-01T20:46:23","modified_gmt":"2019-07-01T18:46:23","slug":"autorizacion-para-la-reserva-de-pistas-deportivas","status":"publish","type":"page","link":"https:\/\/ajuntamentbenissano.es\/es\/ayuntamiento\/autorizacion-para-la-reserva-de-pistas-deportivas\/","title":{"rendered":"Autorizaci\u00f3n para la reserva de pistas deportivas"},"content":{"rendered":"<p>[vc_row css_animation=\u00bb\u00bb row_type=\u00bbrow\u00bb use_row_as_full_screen_section=\u00bbno\u00bb type=\u00bbfull_width\u00bb angled_section=\u00bbno\u00bb text_align=\u00bbcenter\u00bb background_image_as_pattern=\u00bbwithout_pattern\u00bb css=\u00bb.vc_custom_1555235283744{margin-top: 0px !important;margin-right: 0px !important;margin-bottom: 0px !important;margin-left: 0px !important;padding-top: 0px !important;padding-right: 0px !important;padding-bottom: 0px !important;padding-left: 0px !important;}\u00bb z_index=\u00bb\u00bb][vc_column css=\u00bb.vc_custom_1555235710794{margin-top: 0px !important;margin-right: 0px !important;margin-bottom: 0px !important;margin-left: 0px !important;padding-top: 0px !important;padding-right: 0px !important;padding-bottom: 0px !important;padding-left: 0px !important;}\u00bb offset=\u00bbvc_hidden-sm vc_hidden-xs\u00bb][vc_row_inner row_type=\u00bbrow\u00bb use_as_box=\u00bbuse_row_as_box\u00bb type=\u00bbgrid\u00bb text_align=\u00bbcenter\u00bb css_animation=\u00bb\u00bb css=\u00bb.vc_custom_1551903466347{background-position: 0 0 !important;background-repeat: no-repeat !important;}\u00bb el_class=\u00bbpage_link\u00bb][vc_column_inner el_class=\u00bbhomebanner\u00bb width=\u00bb1\/4&#8243; css=\u00bb.vc_custom_1555007965007{margin-bottom: 15px !important;padding-right: 25px !important;padding-left: 25px !important;}\u00bb offset=\u00bbvc_hidden-sm vc_hidden-xs\u00bb][qode_elements_holder number_of_columns=\u00bbone_column\u00bb alignment_one_column=\u00bbcenter\u00bb][qode_elements_holder_item background_color=\u00bb#a60f38&#8243; vertical_alignment=\u00bbbottom\u00bb horizontal_alignment=\u00bbcenter\u00bb advanced_animations=\u00bbno\u00bb][vc_single_image image=\u00bb1654&#8243; img_size=\u00bb75&#215;75&#8243; alignment=\u00bbcenter\u00bb onclick=\u00bbcustom_link\u00bb qode_css_animation=\u00bb\u00bb link=\u00bbhttps:\/\/ajuntamentbenissano.ayuntamientobenisano.es\/va\/ajuntament\/\u00bb css=\u00bb.vc_custom_1553712804053{margin-top: 20px !important;}\u00bb][vc_column_text css=\u00bb.vc_custom_1555240424612{margin-top: 5px !important;margin-bottom: 0px !important;}\u00bb]<\/p>\n<h3 class=\"homebannertit\"><a class=\"homebannertit\" href=\"https:\/\/ajuntamentbenissano.ayuntamientobenisano.es\/va\/ajuntament\/\"><br \/>\nAjuntament<\/a><\/h3>\n<p>[\/vc_column_text][\/qode_elements_holder_item][\/qode_elements_holder][\/vc_column_inner][vc_column_inner el_class=\u00bbhomebanner\u00bb width=\u00bb1\/4&#8243; css=\u00bb.vc_custom_1555007974782{margin-bottom: 15px !important;padding-right: 25px !important;padding-left: 25px !important;}\u00bb offset=\u00bbvc_hidden-sm vc_hidden-xs\u00bb][qode_elements_holder number_of_columns=\u00bbone_column\u00bb][qode_elements_holder_item background_color=\u00bb#a60f38&#8243; vertical_alignment=\u00bbbottom\u00bb horizontal_alignment=\u00bbcenter\u00bb advanced_animations=\u00bbno\u00bb][vc_single_image image=\u00bb1652&#8243; img_size=\u00bb75&#215;75&#8243; alignment=\u00bbcenter\u00bb onclick=\u00bbcustom_link\u00bb qode_css_animation=\u00bb\u00bb link=\u00bbhttp:\/\/ajuntamentbenissano.sedelectronica.es\/\u00bb css=\u00bb.vc_custom_1553712876004{margin-top: 20px !important;}\u00bb][vc_column_text css=\u00bb.vc_custom_1555240534140{margin-top: 5px !important;margin-bottom: 0px !important;}\u00bb]<\/p>\n<h3 class=\"homebannertit\"><a class=\"homebannertit\" href=\"http:\/\/ajuntamentbenissano.sedelectronica.es\/\">Seu<br \/>\nelectr\u00f2nica<\/a><\/h3>\n<p>[\/vc_column_text][\/qode_elements_holder_item][\/qode_elements_holder][\/vc_column_inner][vc_column_inner el_class=\u00bbhomebanner\u00bb width=\u00bb1\/4&#8243; css=\u00bb.vc_custom_1555007986459{margin-bottom: 15px !important;padding-right: 25px !important;padding-left: 25px !important;}\u00bb offset=\u00bbvc_hidden-sm vc_hidden-xs\u00bb][qode_elements_holder number_of_columns=\u00bbone_column\u00bb][qode_elements_holder_item background_color=\u00bb#a60f38&#8243; vertical_alignment=\u00bbbottom\u00bb horizontal_alignment=\u00bbcenter\u00bb advanced_animations=\u00bbno\u00bb][vc_single_image image=\u00bb1653&#8243; img_size=\u00bb75&#215;75&#8243; alignment=\u00bbcenter\u00bb onclick=\u00bbcustom_link\u00bb qode_css_animation=\u00bb\u00bb link=\u00bbhttps:\/\/ajuntamentbenissano.ayuntamientobenisano.es\/va\/municipi\/\u00bb css=\u00bb.vc_custom_1553712938892{margin-top: 20px !important;}\u00bb][vc_column_text css=\u00bb.vc_custom_1555240573537{margin-top: 5px !important;margin-bottom: 0px !important;}\u00bb]<\/p>\n<h3 class=\"homebannertit\"><a class=\"homebannertit\" href=\"https:\/\/ajuntamentbenissano.ayuntamientobenisano.es\/va\/municipi\/\"><br \/>\nMunicipi<\/a><\/h3>\n<p>[\/vc_column_text][\/qode_elements_holder_item][\/qode_elements_holder][\/vc_column_inner][vc_column_inner el_class=\u00bbhomebanner\u00bb width=\u00bb1\/4&#8243; css=\u00bb.vc_custom_1555007993986{margin-bottom: 15px !important;padding-right: 25px !important;padding-left: 25px !important;}\u00bb offset=\u00bbvc_hidden-sm vc_hidden-xs\u00bb][qode_elements_holder number_of_columns=\u00bbone_column\u00bb][qode_elements_holder_item background_color=\u00bb#a60f38&#8243; vertical_alignment=\u00bbbottom\u00bb horizontal_alignment=\u00bbcenter\u00bb advanced_animations=\u00bbno\u00bb][vc_single_image image=\u00bb1651&#8243; img_size=\u00bb75&#215;75&#8243; alignment=\u00bbcenter\u00bb onclick=\u00bbcustom_link\u00bb qode_css_animation=\u00bb\u00bb link=\u00bbhttps:\/\/ajuntamentbenissano.ayuntamientobenisano.es\/va\/portal-de-transparencia\/\u00bb css=\u00bb.vc_custom_1552334194445{margin-top: 20px !important;}\u00bb][vc_column_text css=\u00bb.vc_custom_1555240602460{margin-top: 5px !important;margin-bottom: 0px !important;}\u00bb]<\/p>\n<h3 class=\"homebannertit\"><a class=\"homebannertit\" href=\"https:\/\/ajuntamentbenissano.ayuntamientobenisano.es\/va\/portal-de-transparencia\/\">Portal de<br \/>\ntranspar\u00e8ncia<\/a><\/h3>\n<p>[\/vc_column_text][\/qode_elements_holder_item][\/qode_elements_holder][\/vc_column_inner][\/vc_row_inner][vc_separator type=\u00bbtransparent\u00bb up=\u00bb15&#8243; down=\u00bb15&#8243;][\/vc_column][\/vc_row][vc_row css_animation=\u00bb\u00bb row_type=\u00bbrow\u00bb use_row_as_full_screen_section=\u00bbno\u00bb type=\u00bbfull_width\u00bb angled_section=\u00bbno\u00bb text_align=\u00bbleft\u00bb background_image_as_pattern=\u00bbwithout_pattern\u00bb z_index=\u00bb\u00bb][vc_column][vc_column_text]<\/p>\n<h2>Horario de reserva:<\/h2>\n<ul>\n<li>De 17 a 21h de Lunes a Viernes<\/li>\n<li>De 11 a 21h S\u00e1bado i Domingo<\/li>\n<\/ul>\n<p>[\/vc_column_text][vc_column_text]<\/p>\n<h5>Despu\u00e9s de enviar la solicitud, el Ayuntamiento se pondr\u00e1 en contacto contigo para decirte si es posible hacer esta reserva.<\/h5>\n<p>[\/vc_column_text][vc_separator type=\u00bbtransparent\u00bb up=\u00bb15&#8243; down=\u00bb15&#8243;][vc_column_text]<div role=\"form\" class=\"wpcf7\" id=\"wpcf7-f2756-o1\" lang=\"es-ES\" dir=\"ltr\">\n<div class=\"screen-reader-response\"><p role=\"status\" aria-live=\"polite\" aria-atomic=\"true\"><\/p> <ul><\/ul><\/div>\n<form action=\"\/es\/wp-json\/wp\/v2\/pages\/2750#wpcf7-f2756-o1\" method=\"post\" class=\"wpcf7-form init\" novalidate=\"novalidate\" data-status=\"init\">\n<div style=\"display: none;\">\n<input type=\"hidden\" name=\"_wpcf7\" value=\"2756\" \/>\n<input type=\"hidden\" name=\"_wpcf7_version\" value=\"5.6.4\" \/>\n<input type=\"hidden\" name=\"_wpcf7_locale\" value=\"es_ES\" \/>\n<input type=\"hidden\" name=\"_wpcf7_unit_tag\" value=\"wpcf7-f2756-o1\" \/>\n<input type=\"hidden\" name=\"_wpcf7_container_post\" value=\"0\" \/>\n<input type=\"hidden\" name=\"_wpcf7_posted_data_hash\" value=\"\" \/>\n<\/div>\n<p><label>Nombre y apellidos*<\/label><span class=\"wpcf7-form-control-wrap\" data-name=\"your-name\"><input type=\"text\" name=\"your-name\" value=\"\" size=\"40\" class=\"wpcf7-form-control wpcf7-text wpcf7-validates-as-required\" aria-required=\"true\" aria-invalid=\"false\" \/><\/span> <\/p>\n<p><label>DNI*<\/label><span class=\"wpcf7-form-control-wrap\" data-name=\"your-dni\"><input type=\"text\" name=\"your-dni\" value=\"\" size=\"40\" class=\"wpcf7-form-control wpcf7-text wpcf7-validates-as-required\" aria-required=\"true\" aria-invalid=\"false\" \/><\/span> <\/p>\n<p><label>Domicilio<\/label><span class=\"wpcf7-form-control-wrap\" data-name=\"your-direcc\"><input type=\"text\" name=\"your-direcc\" value=\"\" size=\"40\" class=\"wpcf7-form-control wpcf7-text wpcf7-validates-as-required\" aria-required=\"true\" aria-invalid=\"false\" \/><\/span> <\/p>\n<p><label>Email<\/label><span class=\"wpcf7-form-control-wrap\" data-name=\"your-email\"><input type=\"email\" name=\"your-email\" value=\"\" size=\"40\" class=\"wpcf7-form-control wpcf7-text wpcf7-email wpcf7-validates-as-required wpcf7-validates-as-email\" aria-required=\"true\" aria-invalid=\"false\" \/><\/span><\/p>\n<p><label>Tel\u00e9fono de contacto<\/label><span class=\"wpcf7-form-control-wrap\" data-name=\"your-phone\"><input type=\"text\" name=\"your-phone\" value=\"\" size=\"40\" class=\"wpcf7-form-control wpcf7-text wpcf7-validates-as-required\" aria-required=\"true\" aria-invalid=\"false\" \/><\/span> <\/label><\/p>\n<h3>Solicita reserva (Marca la opci\u00f3n deseada)<br><br><\/h3>\n<p><span class=\"wpcf7-form-control-wrap\" data-name=\"radio-559\"><span class=\"wpcf7-form-control wpcf7-radio\"><span class=\"wpcf7-list-item first\"><input type=\"radio\" name=\"radio-559\" value=\"El Campo de Futbol Sala de l\u2019Espai Esportiu i Recreatiu ESCOLES VELLES\" \/><span class=\"wpcf7-list-item-label\">El Campo de Futbol Sala de l\u2019Espai Esportiu i Recreatiu ESCOLES VELLES<\/span><\/span><span class=\"wpcf7-list-item last\"><input type=\"radio\" name=\"radio-559\" value=\"La Pista de B\u00e0dminton\/B\u00e0squet de l\u2019Espai Esportiu i Recreatiu ESCOLES VELLES\" \/><span class=\"wpcf7-list-item-label\">La Pista de B\u00e0dminton\/B\u00e0squet de l\u2019Espai Esportiu i Recreatiu ESCOLES VELLES<\/span><\/span><\/span><\/span><\/p>\n<p>&nbsp;<\/p>\n<p><label>Dia de la reserva (dd\/mm\/aaaa):<\/label><span class=\"wpcf7-form-control-wrap\" data-name=\"date-817\"><input type=\"text\" name=\"date-817\" value=\"\" size=\"40\" class=\"wpcf7-form-control wpcf7-text wpcf7-validates-as-required\" aria-required=\"true\" aria-invalid=\"false\" \/><\/span><br \/>\n<label>Hora de inicio (HH:MM):<\/label><span class=\"wpcf7-form-control-wrap\" data-name=\"hora-inici\"><input type=\"text\" name=\"hora-inici\" value=\"\" size=\"40\" class=\"wpcf7-form-control wpcf7-text wpcf7-validates-as-required\" aria-required=\"true\" aria-invalid=\"false\" \/><\/span><br \/>\n<label>Hora de fin (HH:MM):<\/label><span class=\"wpcf7-form-control-wrap\" data-name=\"hora-fin\"><input type=\"text\" name=\"hora-fin\" value=\"\" size=\"40\" class=\"wpcf7-form-control wpcf7-text wpcf7-validates-as-required\" aria-required=\"true\" aria-invalid=\"false\" \/><\/span><\/p>\n<p><label>Motivo de la reserva:<\/label><br \/>\n<span class=\"wpcf7-form-control-wrap\" data-name=\"motiu\"><textarea name=\"motiu\" cols=\"40\" rows=\"10\" class=\"wpcf7-form-control wpcf7-textarea wpcf7-validates-as-required\" aria-required=\"true\" aria-invalid=\"false\"><\/textarea><\/span><\/label><\/p>\n<p><input type=\"submit\" value=\"Enviar\" class=\"wpcf7-form-control has-spinner wpcf7-submit\" \/><\/p>\n<p style=\"display: none !important;\" class=\"akismet-fields-container\" data-prefix=\"_wpcf7_ak_\"><label>&#916;<textarea name=\"_wpcf7_ak_hp_textarea\" cols=\"45\" rows=\"8\" maxlength=\"100\"><\/textarea><\/label><input type=\"hidden\" id=\"ak_js_1\" name=\"_wpcf7_ak_js\" value=\"74\"\/><script>document.getElementById( \"ak_js_1\" ).setAttribute( \"value\", ( new Date() ).getTime() );<\/script><\/p><div class=\"wpcf7-response-output\" aria-hidden=\"true\"><\/div><\/form><\/div>[\/vc_column_text][vc_separator type=\u00bbtransparent\u00bb up=\u00bb15&#8243; down=\u00bb15&#8243;][\/vc_column][\/vc_row]<\/p>\n","protected":false},"excerpt":{"rendered":"<p>[vc_row css_animation=\u00bb\u00bb row_type=\u00bbrow\u00bb use_row_as_full_screen_section=\u00bbno\u00bb type=\u00bbfull_width\u00bb angled_section=\u00bbno\u00bb text_align=\u00bbcenter\u00bb background_image_as_pattern=\u00bbwithout_pattern\u00bb css=\u00bb.vc_custom_1555235283744{margin-top: 0px !important;margin-right: 0px !important;margin-bottom: 0px !important;margin-left: 0px !important;padding-top: 0px !important;padding-right: 0px !important;padding-bottom: 0px !important;padding-left: 0px !important;}\u00bb z_index=\u00bb\u00bb][vc_column css=\u00bb.vc_custom_1555235710794{margin-top: 0px !important;margin-right: 0px !important;margin-bottom: 0px !important;margin-left: 0px !important;padding-top: 0px !important;padding-right: 0px !important;padding-bottom: 0px !important;padding-left: 0px !important;}\u00bb offset=\u00bbvc_hidden-sm vc_hidden-xs\u00bb][vc_row_inner&#8230;<\/p>\n","protected":false},"author":1,"featured_media":2741,"parent":120,"menu_order":10,"comment_status":"closed","ping_status":"closed","template":"","meta":[],"yoast_head":"<!-- This site is optimized with the Yoast SEO plugin v19.10 - https:\/\/yoast.com\/wordpress\/plugins\/seo\/ -->\n<title>Autorizaci\u00f3n para la reserva de pistas deportivas - Ajuntament de Benissan\u00f3<\/title>\n<meta name=\"description\" content=\"Autorizaci\u00f3n para la reserva de pistas deportivas - Ajuntament de Benissan\u00f3\" \/>\n<meta name=\"robots\" content=\"index, follow, max-snippet:-1, max-image-preview:large, max-video-preview:-1\" \/>\n<link rel=\"canonical\" href=\"https:\/\/ajuntamentbenissano.es\/es\/ayuntamiento\/autorizacion-para-la-reserva-de-pistas-deportivas\/\" \/>\n<meta property=\"og:locale\" content=\"es_ES\" \/>\n<meta property=\"og:type\" content=\"article\" \/>\n<meta property=\"og:title\" content=\"Autorizaci\u00f3n para la reserva de pistas deportivas - Ajuntament de Benissan\u00f3\" \/>\n<meta property=\"og:description\" content=\"Autorizaci\u00f3n para la reserva de pistas deportivas - Ajuntament de Benissan\u00f3\" \/>\n<meta property=\"og:url\" content=\"https:\/\/ajuntamentbenissano.es\/es\/ayuntamiento\/autorizacion-para-la-reserva-de-pistas-deportivas\/\" \/>\n<meta property=\"og:site_name\" content=\"Ajuntament de Benissan\u00f3\" \/>\n<meta property=\"article:modified_time\" content=\"2019-07-01T18:46:23+00:00\" \/>\n<meta property=\"og:image\" content=\"https:\/\/ajuntamentbenissano.es\/wp-content\/uploads\/2019\/06\/reserva-espai-escoles-velles_benissano.jpg\" \/>\n\t<meta property=\"og:image:width\" content=\"1920\" \/>\n\t<meta property=\"og:image:height\" content=\"1281\" \/>\n\t<meta property=\"og:image:type\" content=\"image\/jpeg\" \/>\n<meta name=\"twitter:card\" content=\"summary_large_image\" \/>\n<meta name=\"twitter:label1\" content=\"Tiempo de lectura\" \/>\n\t<meta name=\"twitter:data1\" content=\"3 minutos\" \/>\n<script type=\"application\/ld+json\" class=\"yoast-schema-graph\">{\"@context\":\"https:\/\/schema.org\",\"@graph\":[{\"@type\":\"WebPage\",\"@id\":\"https:\/\/ajuntamentbenissano.es\/es\/ayuntamiento\/autorizacion-para-la-reserva-de-pistas-deportivas\/\",\"url\":\"https:\/\/ajuntamentbenissano.es\/es\/ayuntamiento\/autorizacion-para-la-reserva-de-pistas-deportivas\/\",\"name\":\"Autorizaci\u00f3n para la reserva de pistas deportivas - Ajuntament de Benissan\u00f3\",\"isPartOf\":{\"@id\":\"https:\/\/ajuntamentbenissano.es\/#website\"},\"datePublished\":\"2019-07-01T18:18:20+00:00\",\"dateModified\":\"2019-07-01T18:46:23+00:00\",\"description\":\"Autorizaci\u00f3n para la reserva de pistas deportivas - Ajuntament de Benissan\u00f3\",\"breadcrumb\":{\"@id\":\"https:\/\/ajuntamentbenissano.es\/es\/ayuntamiento\/autorizacion-para-la-reserva-de-pistas-deportivas\/#breadcrumb\"},\"inLanguage\":\"es\",\"potentialAction\":[{\"@type\":\"ReadAction\",\"target\":[\"https:\/\/ajuntamentbenissano.es\/es\/ayuntamiento\/autorizacion-para-la-reserva-de-pistas-deportivas\/\"]}]},{\"@type\":\"BreadcrumbList\",\"@id\":\"https:\/\/ajuntamentbenissano.es\/es\/ayuntamiento\/autorizacion-para-la-reserva-de-pistas-deportivas\/#breadcrumb\",\"itemListElement\":[{\"@type\":\"ListItem\",\"position\":1,\"name\":\"Portada\",\"item\":\"https:\/\/ajuntamentbenissano.es\/es\/\"},{\"@type\":\"ListItem\",\"position\":2,\"name\":\"Ayuntamiento\",\"item\":\"https:\/\/ajuntamentbenissano.es\/es\/ayuntamiento\/\"},{\"@type\":\"ListItem\",\"position\":3,\"name\":\"Autorizaci\u00f3n para la reserva de pistas deportivas\"}]},{\"@type\":\"WebSite\",\"@id\":\"https:\/\/ajuntamentbenissano.es\/#website\",\"url\":\"https:\/\/ajuntamentbenissano.es\/\",\"name\":\"Ajuntament de Benissan\u00f3\",\"description\":\"Benissan\u00f3, un poble amb hist\u00f2ria\",\"publisher\":{\"@id\":\"https:\/\/ajuntamentbenissano.es\/#organization\"},\"potentialAction\":[{\"@type\":\"SearchAction\",\"target\":{\"@type\":\"EntryPoint\",\"urlTemplate\":\"https:\/\/ajuntamentbenissano.es\/?s={search_term_string}\"},\"query-input\":\"required name=search_term_string\"}],\"inLanguage\":\"es\"},{\"@type\":\"Organization\",\"@id\":\"https:\/\/ajuntamentbenissano.es\/#organization\",\"name\":\"Ajuntament de Benissan\u00f3\",\"url\":\"https:\/\/ajuntamentbenissano.es\/\",\"logo\":{\"@type\":\"ImageObject\",\"inLanguage\":\"es\",\"@id\":\"https:\/\/ajuntamentbenissano.es\/#\/schema\/logo\/image\/\",\"url\":\"https:\/\/ajuntamentbenissano.ayuntamientobenisano.es\/wp-content\/uploads\/2019\/03\/Ajuntament-benissano-st.png\",\"contentUrl\":\"https:\/\/ajuntamentbenissano.ayuntamientobenisano.es\/wp-content\/uploads\/2019\/03\/Ajuntament-benissano-st.png\",\"width\":218,\"height\":90,\"caption\":\"Ajuntament de Benissan\u00f3\"},\"image\":{\"@id\":\"https:\/\/ajuntamentbenissano.es\/#\/schema\/logo\/image\/\"}}]}<\/script>\n<!-- \/ Yoast SEO plugin. -->","yoast_head_json":{"title":"Autorizaci\u00f3n para la reserva de pistas deportivas - Ajuntament de Benissan\u00f3","description":"Autorizaci\u00f3n para la reserva de pistas deportivas - Ajuntament de Benissan\u00f3","robots":{"index":"index","follow":"follow","max-snippet":"max-snippet:-1","max-image-preview":"max-image-preview:large","max-video-preview":"max-video-preview:-1"},"canonical":"https:\/\/ajuntamentbenissano.es\/es\/ayuntamiento\/autorizacion-para-la-reserva-de-pistas-deportivas\/","og_locale":"es_ES","og_type":"article","og_title":"Autorizaci\u00f3n para la reserva de pistas deportivas - Ajuntament de Benissan\u00f3","og_description":"Autorizaci\u00f3n para la reserva de pistas deportivas - Ajuntament de Benissan\u00f3","og_url":"https:\/\/ajuntamentbenissano.es\/es\/ayuntamiento\/autorizacion-para-la-reserva-de-pistas-deportivas\/","og_site_name":"Ajuntament de Benissan\u00f3","article_modified_time":"2019-07-01T18:46:23+00:00","og_image":[{"width":1920,"height":1281,"url":"https:\/\/ajuntamentbenissano.es\/wp-content\/uploads\/2019\/06\/reserva-espai-escoles-velles_benissano.jpg","type":"image\/jpeg"}],"twitter_card":"summary_large_image","twitter_misc":{"Tiempo de lectura":"3 minutos"},"schema":{"@context":"https:\/\/schema.org","@graph":[{"@type":"WebPage","@id":"https:\/\/ajuntamentbenissano.es\/es\/ayuntamiento\/autorizacion-para-la-reserva-de-pistas-deportivas\/","url":"https:\/\/ajuntamentbenissano.es\/es\/ayuntamiento\/autorizacion-para-la-reserva-de-pistas-deportivas\/","name":"Autorizaci\u00f3n para la reserva de pistas deportivas - Ajuntament de Benissan\u00f3","isPartOf":{"@id":"https:\/\/ajuntamentbenissano.es\/#website"},"datePublished":"2019-07-01T18:18:20+00:00","dateModified":"2019-07-01T18:46:23+00:00","description":"Autorizaci\u00f3n para la reserva de pistas deportivas - Ajuntament de Benissan\u00f3","breadcrumb":{"@id":"https:\/\/ajuntamentbenissano.es\/es\/ayuntamiento\/autorizacion-para-la-reserva-de-pistas-deportivas\/#breadcrumb"},"inLanguage":"es","potentialAction":[{"@type":"ReadAction","target":["https:\/\/ajuntamentbenissano.es\/es\/ayuntamiento\/autorizacion-para-la-reserva-de-pistas-deportivas\/"]}]},{"@type":"BreadcrumbList","@id":"https:\/\/ajuntamentbenissano.es\/es\/ayuntamiento\/autorizacion-para-la-reserva-de-pistas-deportivas\/#breadcrumb","itemListElement":[{"@type":"ListItem","position":1,"name":"Portada","item":"https:\/\/ajuntamentbenissano.es\/es\/"},{"@type":"ListItem","position":2,"name":"Ayuntamiento","item":"https:\/\/ajuntamentbenissano.es\/es\/ayuntamiento\/"},{"@type":"ListItem","position":3,"name":"Autorizaci\u00f3n para la reserva de pistas deportivas"}]},{"@type":"WebSite","@id":"https:\/\/ajuntamentbenissano.es\/#website","url":"https:\/\/ajuntamentbenissano.es\/","name":"Ajuntament de Benissan\u00f3","description":"Benissan\u00f3, un poble amb hist\u00f2ria","publisher":{"@id":"https:\/\/ajuntamentbenissano.es\/#organization"},"potentialAction":[{"@type":"SearchAction","target":{"@type":"EntryPoint","urlTemplate":"https:\/\/ajuntamentbenissano.es\/?s={search_term_string}"},"query-input":"required name=search_term_string"}],"inLanguage":"es"},{"@type":"Organization","@id":"https:\/\/ajuntamentbenissano.es\/#organization","name":"Ajuntament de Benissan\u00f3","url":"https:\/\/ajuntamentbenissano.es\/","logo":{"@type":"ImageObject","inLanguage":"es","@id":"https:\/\/ajuntamentbenissano.es\/#\/schema\/logo\/image\/","url":"https:\/\/ajuntamentbenissano.ayuntamientobenisano.es\/wp-content\/uploads\/2019\/03\/Ajuntament-benissano-st.png","contentUrl":"https:\/\/ajuntamentbenissano.ayuntamientobenisano.es\/wp-content\/uploads\/2019\/03\/Ajuntament-benissano-st.png","width":218,"height":90,"caption":"Ajuntament de Benissan\u00f3"},"image":{"@id":"https:\/\/ajuntamentbenissano.es\/#\/schema\/logo\/image\/"}}]}},"_links":{"self":[{"href":"https:\/\/ajuntamentbenissano.es\/es\/wp-json\/wp\/v2\/pages\/2750"}],"collection":[{"href":"https:\/\/ajuntamentbenissano.es\/es\/wp-json\/wp\/v2\/pages"}],"about":[{"href":"https:\/\/ajuntamentbenissano.es\/es\/wp-json\/wp\/v2\/types\/page"}],"author":[{"embeddable":true,"href":"https:\/\/ajuntamentbenissano.es\/es\/wp-json\/wp\/v2\/users\/1"}],"replies":[{"embeddable":true,"href":"https:\/\/ajuntamentbenissano.es\/es\/wp-json\/wp\/v2\/comments?post=2750"}],"version-history":[{"count":0,"href":"https:\/\/ajuntamentbenissano.es\/es\/wp-json\/wp\/v2\/pages\/2750\/revisions"}],"up":[{"embeddable":true,"href":"https:\/\/ajuntamentbenissano.es\/es\/wp-json\/wp\/v2\/pages\/120"}],"wp:featuredmedia":[{"embeddable":true,"href":"https:\/\/ajuntamentbenissano.es\/es\/wp-json\/wp\/v2\/media\/2741"}],"wp:attachment":[{"href":"https:\/\/ajuntamentbenissano.es\/es\/wp-json\/wp\/v2\/media?parent=2750"}],"curies":[{"name":"wp","href":"https:\/\/api.w.org\/{rel}","templated":true}]}}