{"id":1215,"date":"2019-04-04T23:00:16","date_gmt":"2019-04-04T21:00:16","guid":{"rendered":"https:\/\/www.ajuntamentbenissano.es\/?page_id=1215"},"modified":"2019-04-18T14:12:11","modified_gmt":"2019-04-18T12:12:11","slug":"los-portales","status":"publish","type":"page","link":"https:\/\/ajuntamentbenissano.es\/es\/municipio\/los-portales\/","title":{"rendered":"Los portales"},"content":{"rendered":"<p>[vc_row css_animation=\u00bb\u00bb row_type=\u00bbrow\u00bb use_row_as_full_screen_section=\u00bbno\u00bb type=\u00bbfull_width\u00bb angled_section=\u00bbno\u00bb text_align=\u00bbleft\u00bb background_image_as_pattern=\u00bbwithout_pattern\u00bb][vc_column][vc_separator type=\u00bbtransparent\u00bb down=\u00bb50&#8243;][\/vc_column][\/vc_row][vc_row css_animation=\u00bb\u00bb row_type=\u00bbrow\u00bb use_row_as_full_screen_section=\u00bbno\u00bb type=\u00bbgrid\u00bb angled_section=\u00bbno\u00bb text_align=\u00bbleft\u00bb background_image_as_pattern=\u00bbwithout_pattern\u00bb z_index=\u00bb\u00bb][vc_column width=\u00bb3\/4&#8243; el_class=\u00bbreportcenter\u00bb][vc_column_text]Denominados de B\u00e9tera, Ll\u00edria y Valencia todav\u00eda mantienen su estado original. Estos estaban situados formando parte de la muralla y junto a alguna torre defensiva que todav\u00eda se conserva, formando un recinto rectangular unido por dos de sus extremos al castillo que daba protecci\u00f3n a la poblaci\u00f3n.[\/vc_column_text][vc_separator type=\u00bbtransparent\u00bb up=\u00bb40&#8243;]<div class=\"qode-advanced-image-gallery  qode-aig-carousel-type qode-normal-space qode-has-shadow qode-image-behavior-lightbox \">\n\t<div class=\"qode-aig-slider qode-owl-slider\" data-number-of-items=\"1\" data-enable-loop=\"yes\" data-enable-autoplay=\"yes\" data-slider-speed=\"4000\" data-slider-speed-animation=\"400\" data-slider-padding=\"no\" data-enable-navigation=\"yes\" data-enable-pagination=\"yes\">\n\t\t\t\t\t<div class=\"qode-aig-image\">\n\t\t\t\t\t\t\t\t\t<a itemprop=\"image\" class=\"qode-aig-lightbox qode-block-drag-link\" href=\"https:\/\/ajuntamentbenissano.es\/wp-content\/uploads\/2019\/04\/portal-betera-nocturno-1.jpg\" data-rel=\"prettyPhoto[image_gallery_pretty_photo-550]\" title=\"Portal B\u00e9tera nocturno 1\">\n\t\t\t\t\t\t\t\t\t<img src=\"https:\/\/ajuntamentbenissano.es\/wp-content\/uploads\/2019\/04\/portal-betera-nocturno-1-900x673.jpg\" alt=\"Portal B\u00e9tera nocturno 1\" width=\"900\" height=\"673\" \/>\t\t\t\t\t<span class=\"aig-gallery-hover\">\n\t\t\t\t\t\t\t\t\t\t\t\t\t<span class=\"icon-arrows-plus\"><\/span> \n\t\t\t\t\t\t\t\t\t\t\t<\/span>\n\t\t\t\t\t\t\t\t\t<\/a>\n\t\t\t\t\t\t\t<\/div>\n\t\t\t\t\t<div class=\"qode-aig-image\">\n\t\t\t\t\t\t\t\t\t<a itemprop=\"image\" class=\"qode-aig-lightbox qode-block-drag-link\" href=\"https:\/\/ajuntamentbenissano.es\/wp-content\/uploads\/2019\/04\/portal-betera-nocturno-2.jpg\" data-rel=\"prettyPhoto[image_gallery_pretty_photo-550]\" title=\"Portal B\u00e9tera nocturno 2\">\n\t\t\t\t\t\t\t\t\t<img src=\"https:\/\/ajuntamentbenissano.es\/wp-content\/uploads\/2019\/04\/portal-betera-nocturno-2-900x673.jpg\" alt=\"Portal B\u00e9tera nocturno 2\" width=\"900\" height=\"673\" \/>\t\t\t\t\t<span class=\"aig-gallery-hover\">\n\t\t\t\t\t\t\t\t\t\t\t\t\t<span class=\"icon-arrows-plus\"><\/span> \n\t\t\t\t\t\t\t\t\t\t\t<\/span>\n\t\t\t\t\t\t\t\t\t<\/a>\n\t\t\t\t\t\t\t<\/div>\n\t\t\t\t\t<div class=\"qode-aig-image\">\n\t\t\t\t\t\t\t\t\t<a itemprop=\"image\" class=\"qode-aig-lightbox qode-block-drag-link\" href=\"https:\/\/ajuntamentbenissano.es\/wp-content\/uploads\/2019\/04\/portal-betera-nocturno-3.jpg\" data-rel=\"prettyPhoto[image_gallery_pretty_photo-550]\" title=\"Portal B\u00e9tera nocturno 3\">\n\t\t\t\t\t\t\t\t\t<img src=\"https:\/\/ajuntamentbenissano.es\/wp-content\/uploads\/2019\/04\/portal-betera-nocturno-3-900x673.jpg\" alt=\"Portal B\u00e9tera nocturno 3\" width=\"900\" height=\"673\" \/>\t\t\t\t\t<span class=\"aig-gallery-hover\">\n\t\t\t\t\t\t\t\t\t\t\t\t\t<span class=\"icon-arrows-plus\"><\/span> \n\t\t\t\t\t\t\t\t\t\t\t<\/span>\n\t\t\t\t\t\t\t\t\t<\/a>\n\t\t\t\t\t\t\t<\/div>\n\t\t\t\t\t<div class=\"qode-aig-image\">\n\t\t\t\t\t\t\t\t\t<a itemprop=\"image\" class=\"qode-aig-lightbox qode-block-drag-link\" href=\"https:\/\/ajuntamentbenissano.es\/wp-content\/uploads\/2019\/04\/portal-lliria-nocturno-1.jpg\" data-rel=\"prettyPhoto[image_gallery_pretty_photo-550]\" title=\"Portal Ll\u00edria nocturno 1\">\n\t\t\t\t\t\t\t\t\t<img src=\"https:\/\/ajuntamentbenissano.es\/wp-content\/uploads\/2019\/04\/portal-lliria-nocturno-1-900x673.jpg\" alt=\"Portal Ll\u00edria nocturno 1\" width=\"900\" height=\"673\" \/>\t\t\t\t\t<span class=\"aig-gallery-hover\">\n\t\t\t\t\t\t\t\t\t\t\t\t\t<span class=\"icon-arrows-plus\"><\/span> \n\t\t\t\t\t\t\t\t\t\t\t<\/span>\n\t\t\t\t\t\t\t\t\t<\/a>\n\t\t\t\t\t\t\t<\/div>\n\t\t\t\t\t<div class=\"qode-aig-image\">\n\t\t\t\t\t\t\t\t\t<a itemprop=\"image\" class=\"qode-aig-lightbox qode-block-drag-link\" href=\"https:\/\/ajuntamentbenissano.es\/wp-content\/uploads\/2019\/04\/portal-lliria-nocturno-2.jpg\" data-rel=\"prettyPhoto[image_gallery_pretty_photo-550]\" title=\"Portal Ll\u00edria nocturno 2\">\n\t\t\t\t\t\t\t\t\t<img src=\"https:\/\/ajuntamentbenissano.es\/wp-content\/uploads\/2019\/04\/portal-lliria-nocturno-2-900x673.jpg\" alt=\"Portal Ll\u00edria nocturno 2\" width=\"900\" height=\"673\" \/>\t\t\t\t\t<span class=\"aig-gallery-hover\">\n\t\t\t\t\t\t\t\t\t\t\t\t\t<span class=\"icon-arrows-plus\"><\/span> \n\t\t\t\t\t\t\t\t\t\t\t<\/span>\n\t\t\t\t\t\t\t\t\t<\/a>\n\t\t\t\t\t\t\t<\/div>\n\t\t\t\t\t<div class=\"qode-aig-image\">\n\t\t\t\t\t\t\t\t\t<a itemprop=\"image\" class=\"qode-aig-lightbox qode-block-drag-link\" href=\"https:\/\/ajuntamentbenissano.es\/wp-content\/uploads\/2019\/04\/portal-lliria-nocturno-3.jpg\" data-rel=\"prettyPhoto[image_gallery_pretty_photo-550]\" title=\"Portal Ll\u00edria nocturno 3\">\n\t\t\t\t\t\t\t\t\t<img src=\"https:\/\/ajuntamentbenissano.es\/wp-content\/uploads\/2019\/04\/portal-lliria-nocturno-3-900x673.jpg\" alt=\"Portal Ll\u00edria nocturno 3\" width=\"900\" height=\"673\" \/>\t\t\t\t\t<span class=\"aig-gallery-hover\">\n\t\t\t\t\t\t\t\t\t\t\t\t\t<span class=\"icon-arrows-plus\"><\/span> \n\t\t\t\t\t\t\t\t\t\t\t<\/span>\n\t\t\t\t\t\t\t\t\t<\/a>\n\t\t\t\t\t\t\t<\/div>\n\t\t\t\t\t<div class=\"qode-aig-image\">\n\t\t\t\t\t\t\t\t\t<a itemprop=\"image\" class=\"qode-aig-lightbox qode-block-drag-link\" href=\"https:\/\/ajuntamentbenissano.es\/wp-content\/uploads\/2019\/04\/portal-valencia-nocturno-1.jpg\" data-rel=\"prettyPhoto[image_gallery_pretty_photo-550]\" title=\"Portal de Valencia nocturno 1\">\n\t\t\t\t\t\t\t\t\t<img src=\"https:\/\/ajuntamentbenissano.es\/wp-content\/uploads\/2019\/04\/portal-valencia-nocturno-1-900x673.jpg\" alt=\"Portal de Valencia nocturno 1\" width=\"900\" height=\"673\" \/>\t\t\t\t\t<span class=\"aig-gallery-hover\">\n\t\t\t\t\t\t\t\t\t\t\t\t\t<span class=\"icon-arrows-plus\"><\/span> \n\t\t\t\t\t\t\t\t\t\t\t<\/span>\n\t\t\t\t\t\t\t\t\t<\/a>\n\t\t\t\t\t\t\t<\/div>\n\t\t\t\t\t<div class=\"qode-aig-image\">\n\t\t\t\t\t\t\t\t\t<a itemprop=\"image\" class=\"qode-aig-lightbox qode-block-drag-link\" href=\"https:\/\/ajuntamentbenissano.es\/wp-content\/uploads\/2019\/04\/portal-valencia-nocturno-2.jpg\" data-rel=\"prettyPhoto[image_gallery_pretty_photo-550]\" title=\"Portal de Valencia nocturno 2\">\n\t\t\t\t\t\t\t\t\t<img src=\"https:\/\/ajuntamentbenissano.es\/wp-content\/uploads\/2019\/04\/portal-valencia-nocturno-2-900x673.jpg\" alt=\"Portal de Valencia nocturno 2\" width=\"900\" height=\"673\" \/>\t\t\t\t\t<span class=\"aig-gallery-hover\">\n\t\t\t\t\t\t\t\t\t\t\t\t\t<span class=\"icon-arrows-plus\"><\/span> \n\t\t\t\t\t\t\t\t\t\t\t<\/span>\n\t\t\t\t\t\t\t\t\t<\/a>\n\t\t\t\t\t\t\t<\/div>\n\t\t\t\t\t<div class=\"qode-aig-image\">\n\t\t\t\t\t\t\t\t\t<a itemprop=\"image\" class=\"qode-aig-lightbox qode-block-drag-link\" href=\"https:\/\/ajuntamentbenissano.es\/wp-content\/uploads\/2019\/04\/portal-de-valencia-1.jpg\" data-rel=\"prettyPhoto[image_gallery_pretty_photo-550]\" title=\"Portal de Valencia 1\">\n\t\t\t\t\t\t\t\t\t<img src=\"https:\/\/ajuntamentbenissano.es\/wp-content\/uploads\/2019\/04\/portal-de-valencia-1-900x673.jpg\" alt=\"Portal de Valencia 1\" width=\"900\" height=\"673\" \/>\t\t\t\t\t<span class=\"aig-gallery-hover\">\n\t\t\t\t\t\t\t\t\t\t\t\t\t<span class=\"icon-arrows-plus\"><\/span> \n\t\t\t\t\t\t\t\t\t\t\t<\/span>\n\t\t\t\t\t\t\t\t\t<\/a>\n\t\t\t\t\t\t\t<\/div>\n\t\t\t\t\t<div class=\"qode-aig-image\">\n\t\t\t\t\t\t\t\t\t<a itemprop=\"image\" class=\"qode-aig-lightbox qode-block-drag-link\" href=\"https:\/\/ajuntamentbenissano.es\/wp-content\/uploads\/2019\/04\/portal-de-ll\u00edria-1.jpg\" data-rel=\"prettyPhoto[image_gallery_pretty_photo-550]\" title=\"Portal Ll\u00edria 1\">\n\t\t\t\t\t\t\t\t\t<img src=\"https:\/\/ajuntamentbenissano.es\/wp-content\/uploads\/2019\/04\/portal-de-ll\u00edria-1-900x673.jpg\" alt=\"Portal Ll\u00edria 1\" width=\"900\" height=\"673\" \/>\t\t\t\t\t<span class=\"aig-gallery-hover\">\n\t\t\t\t\t\t\t\t\t\t\t\t\t<span class=\"icon-arrows-plus\"><\/span> \n\t\t\t\t\t\t\t\t\t\t\t<\/span>\n\t\t\t\t\t\t\t\t\t<\/a>\n\t\t\t\t\t\t\t<\/div>\n\t\t\t\t\t<div class=\"qode-aig-image\">\n\t\t\t\t\t\t\t\t\t<a itemprop=\"image\" class=\"qode-aig-lightbox qode-block-drag-link\" href=\"https:\/\/ajuntamentbenissano.es\/wp-content\/uploads\/2019\/04\/portal-de-betera-2.jpg\" data-rel=\"prettyPhoto[image_gallery_pretty_photo-550]\" title=\"Portal B\u00e9tera 2\">\n\t\t\t\t\t\t\t\t\t<img src=\"https:\/\/ajuntamentbenissano.es\/wp-content\/uploads\/2019\/04\/portal-de-betera-2-900x673.jpg\" alt=\"Portal B\u00e9tera 2\" width=\"900\" height=\"673\" \/>\t\t\t\t\t<span class=\"aig-gallery-hover\">\n\t\t\t\t\t\t\t\t\t\t\t\t\t<span class=\"icon-arrows-plus\"><\/span> \n\t\t\t\t\t\t\t\t\t\t\t<\/span>\n\t\t\t\t\t\t\t\t\t<\/a>\n\t\t\t\t\t\t\t<\/div>\n\t\t\t\t\t<div class=\"qode-aig-image\">\n\t\t\t\t\t\t\t\t\t<a itemprop=\"image\" class=\"qode-aig-lightbox qode-block-drag-link\" href=\"https:\/\/ajuntamentbenissano.es\/wp-content\/uploads\/2019\/04\/portal-de-betera-.jpg\" data-rel=\"prettyPhoto[image_gallery_pretty_photo-550]\" title=\"Portal B\u00e9tera 1\">\n\t\t\t\t\t\t\t\t\t<img src=\"https:\/\/ajuntamentbenissano.es\/wp-content\/uploads\/2019\/04\/portal-de-betera--900x673.jpg\" alt=\"Portal B\u00e9tera 1\" width=\"900\" height=\"673\" \/>\t\t\t\t\t<span class=\"aig-gallery-hover\">\n\t\t\t\t\t\t\t\t\t\t\t\t\t<span class=\"icon-arrows-plus\"><\/span> \n\t\t\t\t\t\t\t\t\t\t\t<\/span>\n\t\t\t\t\t\t\t\t\t<\/a>\n\t\t\t\t\t\t\t<\/div>\n\t\t\t<\/div>\n<\/div>[vc_separator type=\u00bbtransparent\u00bb up=\u00bb40&#8243;][\/vc_column][vc_column width=\u00bb1\/4&#8243;][vc_widget_sidebar sidebar_id=\u00bbSidebar Corporaci\u00f3n\u00bb][\/vc_column][\/vc_row][vc_row css_animation=\u00bb\u00bb row_type=\u00bbrow\u00bb use_row_as_full_screen_section=\u00bbno\u00bb type=\u00bbfull_width\u00bb angled_section=\u00bbno\u00bb text_align=\u00bbleft\u00bb background_image_as_pattern=\u00bbwithout_pattern\u00bb][vc_column][vc_separator type=\u00bbtransparent\u00bb up=\u00bb40&#8243;][\/vc_column][\/vc_row]<\/p>\n","protected":false},"excerpt":{"rendered":"<p>[vc_row css_animation=\u00bb\u00bb row_type=\u00bbrow\u00bb use_row_as_full_screen_section=\u00bbno\u00bb type=\u00bbfull_width\u00bb angled_section=\u00bbno\u00bb text_align=\u00bbleft\u00bb background_image_as_pattern=\u00bbwithout_pattern\u00bb][vc_column][vc_separator type=\u00bbtransparent\u00bb down=\u00bb50&#8243;][\/vc_column][\/vc_row][vc_row css_animation=\u00bb\u00bb row_type=\u00bbrow\u00bb use_row_as_full_screen_section=\u00bbno\u00bb type=\u00bbgrid\u00bb angled_section=\u00bbno\u00bb text_align=\u00bbleft\u00bb background_image_as_pattern=\u00bbwithout_pattern\u00bb z_index=\u00bb\u00bb][vc_column width=\u00bb3\/4&#8243; el_class=\u00bbreportcenter\u00bb][vc_column_text]Denominados de B\u00e9tera, Ll\u00edria y Valencia todav\u00eda mantienen su estado original. Estos estaban situados formando parte de la muralla y junto a alguna torre defensiva que&#8230;<\/p>\n","protected":false},"author":1,"featured_media":0,"parent":817,"menu_order":3,"comment_status":"closed","ping_status":"closed","template":"full_width.php","meta":[],"yoast_head":"<!-- This site is optimized with the Yoast SEO plugin v19.10 - https:\/\/yoast.com\/wordpress\/plugins\/seo\/ -->\n<title>Los portales - Ajuntament de Benissan\u00f3<\/title>\n<meta name=\"description\" content=\"Los portales - Ajuntament de Benissan\u00f3\" \/>\n<meta name=\"robots\" content=\"index, follow, max-snippet:-1, max-image-preview:large, max-video-preview:-1\" \/>\n<link rel=\"canonical\" href=\"https:\/\/ajuntamentbenissano.es\/es\/municipio\/los-portales\/\" \/>\n<meta property=\"og:locale\" content=\"es_ES\" \/>\n<meta property=\"og:type\" content=\"article\" \/>\n<meta property=\"og:title\" content=\"Los portales - Ajuntament de Benissan\u00f3\" \/>\n<meta property=\"og:description\" content=\"Los portales - Ajuntament de Benissan\u00f3\" \/>\n<meta property=\"og:url\" content=\"https:\/\/ajuntamentbenissano.es\/es\/municipio\/los-portales\/\" \/>\n<meta property=\"og:site_name\" content=\"Ajuntament de Benissan\u00f3\" \/>\n<meta property=\"article:modified_time\" content=\"2019-04-18T12:12:11+00:00\" \/>\n<meta name=\"twitter:card\" content=\"summary_large_image\" \/>\n<meta name=\"twitter:label1\" content=\"Tiempo de lectura\" \/>\n\t<meta name=\"twitter:data1\" content=\"1 minuto\" \/>\n<script type=\"application\/ld+json\" class=\"yoast-schema-graph\">{\"@context\":\"https:\/\/schema.org\",\"@graph\":[{\"@type\":\"WebPage\",\"@id\":\"https:\/\/ajuntamentbenissano.es\/es\/municipio\/los-portales\/\",\"url\":\"https:\/\/ajuntamentbenissano.es\/es\/municipio\/los-portales\/\",\"name\":\"Los portales - Ajuntament de Benissan\u00f3\",\"isPartOf\":{\"@id\":\"https:\/\/ajuntamentbenissano.es\/#website\"},\"datePublished\":\"2019-04-04T21:00:16+00:00\",\"dateModified\":\"2019-04-18T12:12:11+00:00\",\"description\":\"Los portales - Ajuntament de Benissan\u00f3\",\"breadcrumb\":{\"@id\":\"https:\/\/ajuntamentbenissano.es\/es\/municipio\/los-portales\/#breadcrumb\"},\"inLanguage\":\"es\",\"potentialAction\":[{\"@type\":\"ReadAction\",\"target\":[\"https:\/\/ajuntamentbenissano.es\/es\/municipio\/los-portales\/\"]}]},{\"@type\":\"BreadcrumbList\",\"@id\":\"https:\/\/ajuntamentbenissano.es\/es\/municipio\/los-portales\/#breadcrumb\",\"itemListElement\":[{\"@type\":\"ListItem\",\"position\":1,\"name\":\"Portada\",\"item\":\"https:\/\/ajuntamentbenissano.es\/es\/\"},{\"@type\":\"ListItem\",\"position\":2,\"name\":\"Municipio\",\"item\":\"https:\/\/ajuntamentbenissano.es\/es\/municipio\/\"},{\"@type\":\"ListItem\",\"position\":3,\"name\":\"Los portales\"}]},{\"@type\":\"WebSite\",\"@id\":\"https:\/\/ajuntamentbenissano.es\/#website\",\"url\":\"https:\/\/ajuntamentbenissano.es\/\",\"name\":\"Ajuntament de Benissan\u00f3\",\"description\":\"Benissan\u00f3, un poble amb hist\u00f2ria\",\"publisher\":{\"@id\":\"https:\/\/ajuntamentbenissano.es\/#organization\"},\"potentialAction\":[{\"@type\":\"SearchAction\",\"target\":{\"@type\":\"EntryPoint\",\"urlTemplate\":\"https:\/\/ajuntamentbenissano.es\/?s={search_term_string}\"},\"query-input\":\"required name=search_term_string\"}],\"inLanguage\":\"es\"},{\"@type\":\"Organization\",\"@id\":\"https:\/\/ajuntamentbenissano.es\/#organization\",\"name\":\"Ajuntament de Benissan\u00f3\",\"url\":\"https:\/\/ajuntamentbenissano.es\/\",\"logo\":{\"@type\":\"ImageObject\",\"inLanguage\":\"es\",\"@id\":\"https:\/\/ajuntamentbenissano.es\/#\/schema\/logo\/image\/\",\"url\":\"https:\/\/ajuntamentbenissano.ayuntamientobenisano.es\/wp-content\/uploads\/2019\/03\/Ajuntament-benissano-st.png\",\"contentUrl\":\"https:\/\/ajuntamentbenissano.ayuntamientobenisano.es\/wp-content\/uploads\/2019\/03\/Ajuntament-benissano-st.png\",\"width\":218,\"height\":90,\"caption\":\"Ajuntament de Benissan\u00f3\"},\"image\":{\"@id\":\"https:\/\/ajuntamentbenissano.es\/#\/schema\/logo\/image\/\"}}]}<\/script>\n<!-- \/ Yoast SEO plugin. -->","yoast_head_json":{"title":"Los portales - Ajuntament de Benissan\u00f3","description":"Los portales - Ajuntament de Benissan\u00f3","robots":{"index":"index","follow":"follow","max-snippet":"max-snippet:-1","max-image-preview":"max-image-preview:large","max-video-preview":"max-video-preview:-1"},"canonical":"https:\/\/ajuntamentbenissano.es\/es\/municipio\/los-portales\/","og_locale":"es_ES","og_type":"article","og_title":"Los portales - Ajuntament de Benissan\u00f3","og_description":"Los portales - Ajuntament de Benissan\u00f3","og_url":"https:\/\/ajuntamentbenissano.es\/es\/municipio\/los-portales\/","og_site_name":"Ajuntament de Benissan\u00f3","article_modified_time":"2019-04-18T12:12:11+00:00","twitter_card":"summary_large_image","twitter_misc":{"Tiempo de lectura":"1 minuto"},"schema":{"@context":"https:\/\/schema.org","@graph":[{"@type":"WebPage","@id":"https:\/\/ajuntamentbenissano.es\/es\/municipio\/los-portales\/","url":"https:\/\/ajuntamentbenissano.es\/es\/municipio\/los-portales\/","name":"Los portales - Ajuntament de Benissan\u00f3","isPartOf":{"@id":"https:\/\/ajuntamentbenissano.es\/#website"},"datePublished":"2019-04-04T21:00:16+00:00","dateModified":"2019-04-18T12:12:11+00:00","description":"Los portales - Ajuntament de Benissan\u00f3","breadcrumb":{"@id":"https:\/\/ajuntamentbenissano.es\/es\/municipio\/los-portales\/#breadcrumb"},"inLanguage":"es","potentialAction":[{"@type":"ReadAction","target":["https:\/\/ajuntamentbenissano.es\/es\/municipio\/los-portales\/"]}]},{"@type":"BreadcrumbList","@id":"https:\/\/ajuntamentbenissano.es\/es\/municipio\/los-portales\/#breadcrumb","itemListElement":[{"@type":"ListItem","position":1,"name":"Portada","item":"https:\/\/ajuntamentbenissano.es\/es\/"},{"@type":"ListItem","position":2,"name":"Municipio","item":"https:\/\/ajuntamentbenissano.es\/es\/municipio\/"},{"@type":"ListItem","position":3,"name":"Los portales"}]},{"@type":"WebSite","@id":"https:\/\/ajuntamentbenissano.es\/#website","url":"https:\/\/ajuntamentbenissano.es\/","name":"Ajuntament de Benissan\u00f3","description":"Benissan\u00f3, un poble amb hist\u00f2ria","publisher":{"@id":"https:\/\/ajuntamentbenissano.es\/#organization"},"potentialAction":[{"@type":"SearchAction","target":{"@type":"EntryPoint","urlTemplate":"https:\/\/ajuntamentbenissano.es\/?s={search_term_string}"},"query-input":"required name=search_term_string"}],"inLanguage":"es"},{"@type":"Organization","@id":"https:\/\/ajuntamentbenissano.es\/#organization","name":"Ajuntament de Benissan\u00f3","url":"https:\/\/ajuntamentbenissano.es\/","logo":{"@type":"ImageObject","inLanguage":"es","@id":"https:\/\/ajuntamentbenissano.es\/#\/schema\/logo\/image\/","url":"https:\/\/ajuntamentbenissano.ayuntamientobenisano.es\/wp-content\/uploads\/2019\/03\/Ajuntament-benissano-st.png","contentUrl":"https:\/\/ajuntamentbenissano.ayuntamientobenisano.es\/wp-content\/uploads\/2019\/03\/Ajuntament-benissano-st.png","width":218,"height":90,"caption":"Ajuntament de Benissan\u00f3"},"image":{"@id":"https:\/\/ajuntamentbenissano.es\/#\/schema\/logo\/image\/"}}]}},"_links":{"self":[{"href":"https:\/\/ajuntamentbenissano.es\/es\/wp-json\/wp\/v2\/pages\/1215"}],"collection":[{"href":"https:\/\/ajuntamentbenissano.es\/es\/wp-json\/wp\/v2\/pages"}],"about":[{"href":"https:\/\/ajuntamentbenissano.es\/es\/wp-json\/wp\/v2\/types\/page"}],"author":[{"embeddable":true,"href":"https:\/\/ajuntamentbenissano.es\/es\/wp-json\/wp\/v2\/users\/1"}],"replies":[{"embeddable":true,"href":"https:\/\/ajuntamentbenissano.es\/es\/wp-json\/wp\/v2\/comments?post=1215"}],"version-history":[{"count":0,"href":"https:\/\/ajuntamentbenissano.es\/es\/wp-json\/wp\/v2\/pages\/1215\/revisions"}],"up":[{"embeddable":true,"href":"https:\/\/ajuntamentbenissano.es\/es\/wp-json\/wp\/v2\/pages\/817"}],"wp:attachment":[{"href":"https:\/\/ajuntamentbenissano.es\/es\/wp-json\/wp\/v2\/media?parent=1215"}],"curies":[{"name":"wp","href":"https:\/\/api.w.org\/{rel}","templated":true}]}}