{"id":1076,"date":"2019-04-03T21:36:53","date_gmt":"2019-04-03T19:36:53","guid":{"rendered":"https:\/\/www.ajuntamentbenissano.es\/?page_id=1076"},"modified":"2021-10-18T19:18:07","modified_gmt":"2021-10-18T17:18:07","slug":"fiestas-patronales","status":"publish","type":"page","link":"https:\/\/ajuntamentbenissano.es\/es\/municipio\/las-fiestas\/fiestas-patronales\/","title":{"rendered":"Fiestas patronales"},"content":{"rendered":"<p>[vc_row css_animation=\u00bb\u00bb row_type=\u00bbrow\u00bb use_row_as_full_screen_section=\u00bbno\u00bb type=\u00bbfull_width\u00bb angled_section=\u00bbno\u00bb text_align=\u00bbleft\u00bb background_image_as_pattern=\u00bbwithout_pattern\u00bb][vc_column][vc_separator type=\u00bbtransparent\u00bb down=\u00bb50&#8243;][\/vc_column][\/vc_row][vc_row css_animation=\u00bb\u00bb row_type=\u00bbrow\u00bb use_row_as_full_screen_section=\u00bbno\u00bb type=\u00bbgrid\u00bb angled_section=\u00bbno\u00bb text_align=\u00bbleft\u00bb background_image_as_pattern=\u00bbwithout_pattern\u00bb z_index=\u00bb\u00bb][vc_column width=\u00bb3\/4&#8243;][vc_column_text]La patrona de Benisan\u00f3 es la Virgen del Fundamento que se venera, desde 1699, en la Parroquia de los Santos Reyes. Todos los a\u00f1os en primavera tiene lugar la proclamaci\u00f3n de la Reina Mayor de las Fiestas y de la Reina Infantil, en un acto emotivo en el cual participan las damas de honor mayores e infantiles.[\/vc_column_text][vc_separator type=\u00bbtransparent\u00bb up=\u00bb20&#8243; down=\u00bb20&#8243;][vc_column_text]Las fiestas empiezan con la Presentaci\u00f3n de Reina Mayor de las Fiestas y su Corte de Honor y la Presentaci\u00f3n de Reina Infantil y su Corte de Honor hacia finales del mes de agosto y se extienden hasta el 10 de Septiembre.[\/vc_column_text][vc_separator type=\u00bbtransparent\u00bb up=\u00bb20&#8243; down=\u00bb20&#8243;][vc_column_text]<\/p>\n<h3>8 de septiembre d\u00eda de la Virgen del Fundamento, patrona de Benissan\u00f3<\/h3>\n<p>&nbsp;<\/p>\n<p>Es el d\u00eda grande de las fiestas y est\u00e1 dedicada a la patrona, la Virgen del Fundamento. Organizada y presidida por los Clavarios de la Virgen (los hombres). Cada 8 de Septiembre tiene lugar, invariablemente, la tradicional \u201cdespert\u00e0\u201d, el rosario de la aurora, la recogida de Clavarios, la Reina y su Corte de Honor, la solemne misa, masclet\u00e0, procesi\u00f3n , castillo de fuegos artificiales y por la noche verbena o espect\u00e1culo de variedades.[\/vc_column_text][vc_separator type=\u00bbtransparent\u00bb up=\u00bb20&#8243; down=\u00bb20&#8243;][vc_column_text]<\/p>\n<h3>9 de septiembre d\u00eda de la Virgen de los Dolores<\/h3>\n<p>&nbsp;<\/p>\n<p>Fiesta dedicada a la Virgen de los Dolores que est\u00e1 organizada y presidida por las Clavariesas de los Dolores (las mujeres). Cada 9 de septiembre tiene lugar, \u201cla despert\u00e0\u201d, la recogida de las Clavariesas, la Reina y su Corte de Honor, la solemne misa, masclet\u00e0, procesi\u00f3n , castillo de fuegos artificiales y por la noche verbena.[\/vc_column_text][vc_separator type=\u00bbtransparent\u00bb up=\u00bb20&#8243; down=\u00bb20&#8243;][vc_column_text]<\/p>\n<h3>10 de septiembre d\u00eda de San Jos\u00e9.<\/h3>\n<p>&nbsp;<\/p>\n<p>Fiesta dedicada a Sant Jos\u00e9 que est\u00e1 organizada y presidida por los Clavarios de Sant Jose (los j\u00f3venes). Cada 10 de septiembre tiene lugar, \u201cla nit del xic\u201d, \u201cla despert\u00e0\u201d, la recogida de los Clavarios, la Reina y su Corte de Honor, la solemne misa, masclet\u00e0, procesi\u00f3n , castillo de fuegos artificiales y por la noche verbena.[\/vc_column_text][vc_separator type=\u00bbtransparent\u00bb up=\u00bb20&#8243; down=\u00bb20&#8243;][vc_column_text]<\/p>\n<h3>Actos en las fiestas patronales<\/h3>\n<p>&nbsp;<\/p>\n<p>Dentro del programa de las Fiestas Patronales, hay que destacar los siguientes actos que se repiten a\u00f1o tras a\u00f1o:<\/p>\n<p>&nbsp;<\/p>\n<ul>\n<li style=\"list-style-type: none;\">\n<ul>\n<li>Presentaci\u00f3n de la Reina (mayor e infantil) de las fiestas<\/li>\n<\/ul>\n<\/li>\n<\/ul>\n<p>&nbsp;<\/p>\n<ul>\n<li style=\"list-style-type: none;\">\n<ul>\n<li>Ofrenda de flores a la patrona (7 de septiembre)<\/li>\n<\/ul>\n<\/li>\n<\/ul>\n<p>&nbsp;<\/p>\n<ul>\n<li style=\"list-style-type: none;\">\n<ul>\n<li>Mascletaes y Castillo de fuegos artificiales los d\u00edas 8, 9 y 10 de septiembre<\/li>\n<\/ul>\n<\/li>\n<\/ul>\n<p>&nbsp;<\/p>\n<ul>\n<li style=\"list-style-type: none;\">\n<ul>\n<li>Pasacalle de la banda de m\u00fasica y recogida de festeros y Reina de las fiestas con su corte de honor los d\u00edas 8, 9 y 10 de septiembre<\/li>\n<\/ul>\n<\/li>\n<\/ul>\n<p>&nbsp;<\/p>\n<ul>\n<li style=\"list-style-type: none;\">\n<ul>\n<li>Procesi\u00f3n los d\u00edas 8, 9 y 10 de septiembre<\/li>\n<\/ul>\n<\/li>\n<\/ul>\n<p>&nbsp;<\/p>\n<ul>\n<li style=\"list-style-type: none;\">\n<ul>\n<li>Novena en honor a la patrona<\/li>\n<\/ul>\n<\/li>\n<\/ul>\n<p>&nbsp;<\/p>\n<ul>\n<li style=\"list-style-type: none;\">\n<ul>\n<li>Vaquillas y toro embolado<\/li>\n<\/ul>\n<\/li>\n<\/ul>\n<p>&nbsp;<\/p>\n<ul>\n<li style=\"list-style-type: none;\">\n<ul>\n<li>Cordaes y correfocs<\/li>\n<\/ul>\n<\/li>\n<\/ul>\n<p>&nbsp;<\/p>\n<ul>\n<li style=\"list-style-type: none;\">\n<ul>\n<li>Verbenas<\/li>\n<\/ul>\n<\/li>\n<\/ul>\n<p>&nbsp;<\/p>\n<ul>\n<li style=\"list-style-type: none;\">\n<ul>\n<li>Concurso de paellas<\/li>\n<\/ul>\n<\/li>\n<\/ul>\n<p>&nbsp;<\/p>\n<ul>\n<li style=\"list-style-type: none;\">\n<ul>\n<li>Cena en la calle.<\/li>\n<\/ul>\n<\/li>\n<\/ul>\n<p>[\/vc_column_text][vc_separator type=\u00bbnormal\u00bb up=\u00bb20&#8243; down=\u00bb20&#8243;][vc_row_inner row_type=\u00bbrow\u00bb type=\u00bbfull_width\u00bb text_align=\u00bbleft\u00bb css_animation=\u00bb\u00bb][vc_column_inner][vc_gallery interval=\u00bb3&#8243; images=\u00bb1129,1131,1133,1137,1139,1141,1143,1145,1147,1149,1153,1155,1159,1163,1165,1167,1169&#8243; img_size=\u00bbfull\u00bb direction_nav=\u00bbyes\u00bb control_nav=\u00bbyes\u00bb][\/vc_column_inner][\/vc_row_inner][\/vc_column][vc_column width=\u00bb1\/4&#8243;][vc_widget_sidebar sidebar_id=\u00bbSidebar municipio fiestas\u00bb][\/vc_column][\/vc_row][vc_row css_animation=\u00bb\u00bb row_type=\u00bbrow\u00bb use_row_as_full_screen_section=\u00bbno\u00bb type=\u00bbfull_width\u00bb angled_section=\u00bbno\u00bb text_align=\u00bbleft\u00bb background_image_as_pattern=\u00bbwithout_pattern\u00bb][vc_column][vc_separator type=\u00bbtransparent\u00bb up=\u00bb40&#8243;][\/vc_column][\/vc_row]<\/p>\n","protected":false},"excerpt":{"rendered":"<p>[vc_row css_animation=\u00bb\u00bb row_type=\u00bbrow\u00bb use_row_as_full_screen_section=\u00bbno\u00bb type=\u00bbfull_width\u00bb angled_section=\u00bbno\u00bb text_align=\u00bbleft\u00bb background_image_as_pattern=\u00bbwithout_pattern\u00bb][vc_column][vc_separator type=\u00bbtransparent\u00bb down=\u00bb50&#8243;][\/vc_column][\/vc_row][vc_row css_animation=\u00bb\u00bb row_type=\u00bbrow\u00bb use_row_as_full_screen_section=\u00bbno\u00bb type=\u00bbgrid\u00bb angled_section=\u00bbno\u00bb text_align=\u00bbleft\u00bb background_image_as_pattern=\u00bbwithout_pattern\u00bb z_index=\u00bb\u00bb][vc_column width=\u00bb3\/4&#8243;][vc_column_text]La patrona de Benisan\u00f3 es la Virgen del Fundamento que se venera, desde 1699, en la Parroquia de los Santos Reyes. Todos los a\u00f1os en primavera tiene&#8230;<\/p>\n","protected":false},"author":1,"featured_media":0,"parent":1061,"menu_order":0,"comment_status":"closed","ping_status":"closed","template":"full_width.php","meta":[],"yoast_head":"<!-- This site is optimized with the Yoast SEO plugin v19.10 - https:\/\/yoast.com\/wordpress\/plugins\/seo\/ -->\n<title>Fiestas patronales - Ajuntament de Benissan\u00f3<\/title>\n<meta name=\"description\" content=\"Fiestas patronales - Ajuntament de Benissan\u00f3\" \/>\n<meta name=\"robots\" content=\"index, follow, max-snippet:-1, max-image-preview:large, max-video-preview:-1\" \/>\n<link rel=\"canonical\" href=\"https:\/\/ajuntamentbenissano.es\/es\/municipio\/las-fiestas\/fiestas-patronales\/\" \/>\n<meta property=\"og:locale\" content=\"es_ES\" \/>\n<meta property=\"og:type\" content=\"article\" \/>\n<meta property=\"og:title\" content=\"Fiestas patronales - Ajuntament de Benissan\u00f3\" \/>\n<meta property=\"og:description\" content=\"Fiestas patronales - Ajuntament de Benissan\u00f3\" \/>\n<meta property=\"og:url\" content=\"https:\/\/ajuntamentbenissano.es\/es\/municipio\/las-fiestas\/fiestas-patronales\/\" \/>\n<meta property=\"og:site_name\" content=\"Ajuntament de Benissan\u00f3\" \/>\n<meta property=\"article:modified_time\" content=\"2021-10-18T17:18:07+00:00\" \/>\n<meta name=\"twitter:card\" content=\"summary_large_image\" \/>\n<meta name=\"twitter:label1\" content=\"Tiempo de lectura\" \/>\n\t<meta name=\"twitter:data1\" content=\"3 minutos\" \/>\n<script type=\"application\/ld+json\" class=\"yoast-schema-graph\">{\"@context\":\"https:\/\/schema.org\",\"@graph\":[{\"@type\":\"WebPage\",\"@id\":\"https:\/\/ajuntamentbenissano.es\/es\/municipio\/las-fiestas\/fiestas-patronales\/\",\"url\":\"https:\/\/ajuntamentbenissano.es\/es\/municipio\/las-fiestas\/fiestas-patronales\/\",\"name\":\"Fiestas patronales - Ajuntament de Benissan\u00f3\",\"isPartOf\":{\"@id\":\"https:\/\/ajuntamentbenissano.es\/#website\"},\"datePublished\":\"2019-04-03T19:36:53+00:00\",\"dateModified\":\"2021-10-18T17:18:07+00:00\",\"description\":\"Fiestas patronales - Ajuntament de Benissan\u00f3\",\"breadcrumb\":{\"@id\":\"https:\/\/ajuntamentbenissano.es\/es\/municipio\/las-fiestas\/fiestas-patronales\/#breadcrumb\"},\"inLanguage\":\"es\",\"potentialAction\":[{\"@type\":\"ReadAction\",\"target\":[\"https:\/\/ajuntamentbenissano.es\/es\/municipio\/las-fiestas\/fiestas-patronales\/\"]}]},{\"@type\":\"BreadcrumbList\",\"@id\":\"https:\/\/ajuntamentbenissano.es\/es\/municipio\/las-fiestas\/fiestas-patronales\/#breadcrumb\",\"itemListElement\":[{\"@type\":\"ListItem\",\"position\":1,\"name\":\"Portada\",\"item\":\"https:\/\/ajuntamentbenissano.es\/es\/\"},{\"@type\":\"ListItem\",\"position\":2,\"name\":\"Municipio\",\"item\":\"https:\/\/ajuntamentbenissano.es\/es\/municipio\/\"},{\"@type\":\"ListItem\",\"position\":3,\"name\":\"Las fiestas\",\"item\":\"https:\/\/ajuntamentbenissano.es\/es\/municipio\/las-fiestas\/\"},{\"@type\":\"ListItem\",\"position\":4,\"name\":\"Fiestas patronales\"}]},{\"@type\":\"WebSite\",\"@id\":\"https:\/\/ajuntamentbenissano.es\/#website\",\"url\":\"https:\/\/ajuntamentbenissano.es\/\",\"name\":\"Ajuntament de Benissan\u00f3\",\"description\":\"Benissan\u00f3, un poble amb hist\u00f2ria\",\"publisher\":{\"@id\":\"https:\/\/ajuntamentbenissano.es\/#organization\"},\"potentialAction\":[{\"@type\":\"SearchAction\",\"target\":{\"@type\":\"EntryPoint\",\"urlTemplate\":\"https:\/\/ajuntamentbenissano.es\/?s={search_term_string}\"},\"query-input\":\"required name=search_term_string\"}],\"inLanguage\":\"es\"},{\"@type\":\"Organization\",\"@id\":\"https:\/\/ajuntamentbenissano.es\/#organization\",\"name\":\"Ajuntament de Benissan\u00f3\",\"url\":\"https:\/\/ajuntamentbenissano.es\/\",\"logo\":{\"@type\":\"ImageObject\",\"inLanguage\":\"es\",\"@id\":\"https:\/\/ajuntamentbenissano.es\/#\/schema\/logo\/image\/\",\"url\":\"https:\/\/ajuntamentbenissano.ayuntamientobenisano.es\/wp-content\/uploads\/2019\/03\/Ajuntament-benissano-st.png\",\"contentUrl\":\"https:\/\/ajuntamentbenissano.ayuntamientobenisano.es\/wp-content\/uploads\/2019\/03\/Ajuntament-benissano-st.png\",\"width\":218,\"height\":90,\"caption\":\"Ajuntament de Benissan\u00f3\"},\"image\":{\"@id\":\"https:\/\/ajuntamentbenissano.es\/#\/schema\/logo\/image\/\"}}]}<\/script>\n<!-- \/ Yoast SEO plugin. -->","yoast_head_json":{"title":"Fiestas patronales - Ajuntament de Benissan\u00f3","description":"Fiestas patronales - Ajuntament de Benissan\u00f3","robots":{"index":"index","follow":"follow","max-snippet":"max-snippet:-1","max-image-preview":"max-image-preview:large","max-video-preview":"max-video-preview:-1"},"canonical":"https:\/\/ajuntamentbenissano.es\/es\/municipio\/las-fiestas\/fiestas-patronales\/","og_locale":"es_ES","og_type":"article","og_title":"Fiestas patronales - Ajuntament de Benissan\u00f3","og_description":"Fiestas patronales - Ajuntament de Benissan\u00f3","og_url":"https:\/\/ajuntamentbenissano.es\/es\/municipio\/las-fiestas\/fiestas-patronales\/","og_site_name":"Ajuntament de Benissan\u00f3","article_modified_time":"2021-10-18T17:18:07+00:00","twitter_card":"summary_large_image","twitter_misc":{"Tiempo de lectura":"3 minutos"},"schema":{"@context":"https:\/\/schema.org","@graph":[{"@type":"WebPage","@id":"https:\/\/ajuntamentbenissano.es\/es\/municipio\/las-fiestas\/fiestas-patronales\/","url":"https:\/\/ajuntamentbenissano.es\/es\/municipio\/las-fiestas\/fiestas-patronales\/","name":"Fiestas patronales - Ajuntament de Benissan\u00f3","isPartOf":{"@id":"https:\/\/ajuntamentbenissano.es\/#website"},"datePublished":"2019-04-03T19:36:53+00:00","dateModified":"2021-10-18T17:18:07+00:00","description":"Fiestas patronales - Ajuntament de Benissan\u00f3","breadcrumb":{"@id":"https:\/\/ajuntamentbenissano.es\/es\/municipio\/las-fiestas\/fiestas-patronales\/#breadcrumb"},"inLanguage":"es","potentialAction":[{"@type":"ReadAction","target":["https:\/\/ajuntamentbenissano.es\/es\/municipio\/las-fiestas\/fiestas-patronales\/"]}]},{"@type":"BreadcrumbList","@id":"https:\/\/ajuntamentbenissano.es\/es\/municipio\/las-fiestas\/fiestas-patronales\/#breadcrumb","itemListElement":[{"@type":"ListItem","position":1,"name":"Portada","item":"https:\/\/ajuntamentbenissano.es\/es\/"},{"@type":"ListItem","position":2,"name":"Municipio","item":"https:\/\/ajuntamentbenissano.es\/es\/municipio\/"},{"@type":"ListItem","position":3,"name":"Las fiestas","item":"https:\/\/ajuntamentbenissano.es\/es\/municipio\/las-fiestas\/"},{"@type":"ListItem","position":4,"name":"Fiestas patronales"}]},{"@type":"WebSite","@id":"https:\/\/ajuntamentbenissano.es\/#website","url":"https:\/\/ajuntamentbenissano.es\/","name":"Ajuntament de Benissan\u00f3","description":"Benissan\u00f3, un poble amb hist\u00f2ria","publisher":{"@id":"https:\/\/ajuntamentbenissano.es\/#organization"},"potentialAction":[{"@type":"SearchAction","target":{"@type":"EntryPoint","urlTemplate":"https:\/\/ajuntamentbenissano.es\/?s={search_term_string}"},"query-input":"required name=search_term_string"}],"inLanguage":"es"},{"@type":"Organization","@id":"https:\/\/ajuntamentbenissano.es\/#organization","name":"Ajuntament de Benissan\u00f3","url":"https:\/\/ajuntamentbenissano.es\/","logo":{"@type":"ImageObject","inLanguage":"es","@id":"https:\/\/ajuntamentbenissano.es\/#\/schema\/logo\/image\/","url":"https:\/\/ajuntamentbenissano.ayuntamientobenisano.es\/wp-content\/uploads\/2019\/03\/Ajuntament-benissano-st.png","contentUrl":"https:\/\/ajuntamentbenissano.ayuntamientobenisano.es\/wp-content\/uploads\/2019\/03\/Ajuntament-benissano-st.png","width":218,"height":90,"caption":"Ajuntament de Benissan\u00f3"},"image":{"@id":"https:\/\/ajuntamentbenissano.es\/#\/schema\/logo\/image\/"}}]}},"_links":{"self":[{"href":"https:\/\/ajuntamentbenissano.es\/es\/wp-json\/wp\/v2\/pages\/1076"}],"collection":[{"href":"https:\/\/ajuntamentbenissano.es\/es\/wp-json\/wp\/v2\/pages"}],"about":[{"href":"https:\/\/ajuntamentbenissano.es\/es\/wp-json\/wp\/v2\/types\/page"}],"author":[{"embeddable":true,"href":"https:\/\/ajuntamentbenissano.es\/es\/wp-json\/wp\/v2\/users\/1"}],"replies":[{"embeddable":true,"href":"https:\/\/ajuntamentbenissano.es\/es\/wp-json\/wp\/v2\/comments?post=1076"}],"version-history":[{"count":3,"href":"https:\/\/ajuntamentbenissano.es\/es\/wp-json\/wp\/v2\/pages\/1076\/revisions"}],"predecessor-version":[{"id":4661,"href":"https:\/\/ajuntamentbenissano.es\/es\/wp-json\/wp\/v2\/pages\/1076\/revisions\/4661"}],"up":[{"embeddable":true,"href":"https:\/\/ajuntamentbenissano.es\/es\/wp-json\/wp\/v2\/pages\/1061"}],"wp:attachment":[{"href":"https:\/\/ajuntamentbenissano.es\/es\/wp-json\/wp\/v2\/media?parent=1076"}],"curies":[{"name":"wp","href":"https:\/\/api.w.org\/{rel}","templated":true}]}}